{"id":1869444,"date":"2025-12-19T15:20:03","date_gmt":"2025-12-19T14:20:03","guid":{"rendered":"https:\/\/www.vesterling.com\/job\/23114-it-leiter-in-der-medizintechnik-health-it-regulatorik-standards-hessisch-lichtenau\/"},"modified":"2026-03-03T08:30:03","modified_gmt":"2026-03-03T07:30:03","slug":"23114-it-leiter-in-der-medizintechnik-health-it-regulatorik-standards-hessisch-lichtenau","status":"publish","type":"job","link":"https:\/\/www.vesterling.com\/fr\/job\/23114-it-leiter-in-der-medizintechnik-health-it-regulatorik-standards-hessisch-lichtenau\/","title":{"rendered":"IT-Koordinator in der Medizintechnik | Health IT, Regulatorik, Standards | Inhouse (mwd)"},"content":{"rendered":"<h2>Sie verantworten die IT sowohl in strategischer  als auch in operativer Hinsicht<\/h2>\n<h4>Skills<\/h4>\n<p>Mehrj\u00e4hrige Berufs- und F\u00fchrungserfahrung in der Health Care IT<br \/>\nKenntnisse zu Heallth IT Standards wie z.B. KIS, HL7, FHIR, ePA<br \/>\nErfahrung in der Medizintechnik inkl. regulatorischer Anforderungen<br \/>\nKenntnisse im IT-Service-Management (ITIL) und Projektmanagement (Prince2, PMI o.\u202f\u00e4.)<br \/>\nGute Deutschkenntnisse in Wort und Schrift<br \/>\nP.S.: Wissen Sie, welche Chancen sich f\u00fcr Sie im Outplacement er\u00f6ffnen? Durch unser Outplacement erfahren Sie in einer f\u00fcr Sie kritischen Phase der beruflichen Neuorientierung professionelle Hilfe und Unterst\u00fctzung. Details hierzu <a style=\"color:#08c;\" href=\"https:\/\/www.vesterling.com\/outplacement\/kandidaten\/\" target=\"blank\">finden Sie hier &#187;<\/a><\/p>\n<h4>Duties<\/h4>\n<p>Als IT-Koordinator in der Medizintechnik \u00fcbernehmen Sie die Verantwortung f\u00fcr die IT sowohl in strategischer als auch in operativer Hinsicht. Hierzu geh\u00f6ren:<br \/>\nEntwicklung und Umsetzung einer Digitalisierungsstrategie im Einklang mit dem regulatorischen Rahmen.<br \/>\nPlanung und Steuerung von Investitionen in IT- und Medizintechnik.<br \/>\nF\u00fchrung und Weiterentwicklung der Abteilungen f\u00fcr IT und Medizintechnik.<br \/>\nVerantwortung f\u00fcr den stabilen und sicheren Betrieb von Netzwerk, Servern, Clients und technischer Ger\u00e4te inkl. Dienstleistersteuerung f\u00fcr deren Wartung.<br \/>\nBetreuung und Weiterentwicklung unternehmenskritischer Informationssysteme und Fachanwendungen.<br \/>\nImplementierung von IT-Sicherheits- und Datenschutzma\u00dfnahmen.<br \/>\nLeitung von Digitalisierungsprojekten.<br \/>\nZusammenarbeit mit Stakeholdern, Fachbereichen, externen Dienstleistern und Partnern<\/p>\n<h4>Clientdescription<\/h4>\n<p>Unser Klient ist ein verl\u00e4sslicher und stabiler Arbeitgeber aus dem Gesundheitswesen.<\/p>\n<h4>Careerlevel<\/h4>\n<p>Ab 3 Jahre <\/p>\n<h4>Industrytags<\/h4>\n<p>Gesundheit<\/p>\n<h4>Dutytags<\/h4>\n<p>Business Software,Disziplinarische F\u00fchrung,Fachliche F\u00fchrung,IT-Infrastruktur<\/p>\n<h4>Travelrequirements<\/h4>\n<p>Max. gelegentliche \u00dcbernachtung<\/p>\n<h4>Salaryrange<\/h4>\n<p>55.000 \u20ac &#8211; 68.000 \u20ac<\/p>\n<h4>Employees<\/h4>\n<p>> 500 Mitarbeiter<\/p>\n<h4>Publishedlocations<\/h4>\n<p>Kassel<\/p>\n<h4>Contract<\/h4>\n<p>Unbefristete Festanstellung<\/p>\n<h4>Contractverbose<\/h4>\n<p>Unbefristete Festanstellung&nbsp;durch unseren Klienten<\/p>\n<h4>Keywords<\/h4>\n<p>Projektleitung,Medizinische Software,ePA,Netzwerke,Krankenhausinformationssysteme,Klassische Vorgehensweisen,ITIL,HL7,DICOM,Client\/Server,Abteilungsleitung<\/p>\n<h4>Metadescription<\/h4>\n<p>IT-Koordinator in der Medizintechnik in Kassel. Vesterling AG. Einer der f\u00fchrenden Personaldienstleister im Bereich Technologie.<\/p>\n<h4>Metatitle<\/h4>\n<p>IT-Koordinator in der Medizintechnik in Kassel<\/p>\n","protected":false},"template":"","class_list":["post-1869444","job","type-job","status-publish","hentry"],"_links":{"self":[{"href":"https:\/\/www.vesterling.com\/fr\/wp-json\/wp\/v2\/job\/1869444","targetHints":{"allow":["GET"]}}],"collection":[{"href":"https:\/\/www.vesterling.com\/fr\/wp-json\/wp\/v2\/job"}],"about":[{"href":"https:\/\/www.vesterling.com\/fr\/wp-json\/wp\/v2\/types\/job"}],"wp:attachment":[{"href":"https:\/\/www.vesterling.com\/fr\/wp-json\/wp\/v2\/media?parent=1869444"}],"curies":[{"name":"wp","href":"https:\/\/api.w.org\/{rel}","templated":true}]}}